{"id":94,"date":"2021-09-17T21:00:50","date_gmt":"2021-09-17T21:00:50","guid":{"rendered":"https:\/\/rakitna.si\/ucna-pot\/zaporni-zid-cvinger\/"},"modified":"2021-11-09T13:06:20","modified_gmt":"2021-11-09T13:06:20","slug":"zaporni-zid-cvinger","status":"publish","type":"page","link":"https:\/\/rakitna.si\/ucna-pot\/zaporni-zid-cvinger\/","title":{"rendered":"Zaporni zid Cvinger"},"content":{"rendered":"\t\t<div data-elementor-type=\"wp-page\" data-elementor-id=\"94\" class=\"elementor elementor-94\" data-elementor-settings=\"[]\">\n\t\t\t\t\t\t\t<div class=\"elementor-section-wrap\">\n\t\t\t\t\t\t\t<section class=\"has_eae_slider elementor-section elementor-top-section elementor-element elementor-element-4f327635 elementor-section-boxed elementor-section-height-default elementor-section-height-default\" data-id=\"4f327635\" data-element_type=\"section\">\n\t\t\t\t\t\t<div class=\"elementor-container elementor-column-gap-default\">\n\t\t\t\t\t<div class=\"has_eae_slider elementor-column elementor-col-100 elementor-top-column elementor-element elementor-element-4cceac76\" data-id=\"4cceac76\" data-element_type=\"column\">\n\t\t\t<div class=\"elementor-widget-wrap elementor-element-populated\">\n\t\t\t\t\t\t\t\t<div class=\"elementor-element elementor-element-2ec158ba elementor-widget elementor-widget-heading\" data-id=\"2ec158ba\" data-element_type=\"widget\" data-widget_type=\"heading.default\">\n\t\t\t\t<div class=\"elementor-widget-container\">\n\t\t\t<h2 class=\"elementor-heading-title elementor-size-default\">Zaporni zid \u00bbCvinger\u00ab <\/h2>\t\t<\/div>\n\t\t\t\t<\/div>\n\t\t\t\t<div class=\"elementor-element elementor-element-69e73de9 elementor-widget elementor-widget-heading\" data-id=\"69e73de9\" data-element_type=\"widget\" data-widget_type=\"heading.default\">\n\t\t\t\t<div class=\"elementor-widget-container\">\n\t\t\t<h4 class=\"elementor-heading-title elementor-size-default\">Tu so Rimljani branili Italijo <\/h4>\t\t<\/div>\n\t\t\t\t<\/div>\n\t\t\t\t\t<\/div>\n\t\t<\/div>\n\t\t\t\t\t\t\t<\/div>\n\t\t<\/section>\n\t\t\t\t<section class=\"has_eae_slider elementor-section elementor-top-section elementor-element elementor-element-4e451a04 elementor-section-stretched elementor-section-boxed elementor-section-height-default elementor-section-height-default\" data-id=\"4e451a04\" data-element_type=\"section\" data-settings=\"{&quot;stretch_section&quot;:&quot;section-stretched&quot;}\">\n\t\t\t\t\t\t<div class=\"elementor-container elementor-column-gap-default\">\n\t\t\t\t\t<div class=\"has_eae_slider elementor-column elementor-col-50 elementor-top-column elementor-element elementor-element-666867c0\" data-id=\"666867c0\" data-element_type=\"column\">\n\t\t\t<div class=\"elementor-widget-wrap elementor-element-populated\">\n\t\t\t\t\t\t\t\t<div class=\"elementor-element elementor-element-122b1265 elementor-widget elementor-widget-text-editor\" data-id=\"122b1265\" data-element_type=\"widget\" data-widget_type=\"text-editor.default\">\n\t\t\t\t<div class=\"elementor-widget-container\">\n\t\t\t\t\t\t\t<div class=\"itemFullText\"><div class=\"moduleItemIntrotext\"><p>Del utrjenega zapornega sistema v vojni krajini Claustra Alpium Iuliarum so Rimljani zgradili tudi na obmo\u010dju dana\u0161nje Rakitne. Z njim so zavarovali strate\u0161ko ob\u010dutljiv prehod \u010dez sedlo Vrh prezida med hribom Av\u0161nik (930 m) in Nova\u0161ko goro (998 m), koder je verjetno tekla stranska cesta iz ljubljanske kotline proti razpotjem ob Cerkni\u0161kem jezeru.<\/p><p>Zaporo so zastavili sredi severozahodnega pobo\u010dja Av\u0161nika, pod prepadno in \u0161iroko razgledno Jerebi\u010djo skalo, jo speljali po sprva blagem in nato strmem spustu v mo\u010dvirno dolino potoka Resnik in naprej \u010dez te\u017eko prehodna ju\u017ena pobo\u010dja Nova\u0161ke gore in na njen vrh, kjer so jo sklenili v skalah z ledinskim imenom Brinjevec. Vanjo so ujeli vsa pota \u010dez sedlo.<\/p><p>Danes je zapora prepoznavna kot gosto porasel greben, okoli 6 m \u0161irok in okoli meter in pol visok. V njem je, obsut z ru\u0161evinami, \u0161e do vi\u0161ine okoli 1,20 m ohranjen zaporni zid.<\/p><p>Neko\u010d je bil to mogo\u010den, vsaj \u0161tiri metre in pol visok in 1,20 m debel zid, ki je kraljeval in se belil nad obse\u017enimi in preglednimi \u010distinami. Te so voja\u0161ki posadki omogo\u010dale nemoten nadzor nad dogajanji v bli\u017enji okolici zapore in, \u010de bi bilo potrebno, tudi u\u010dinkovito branjenje. Morebitne napadalce so iz zidu morala dose\u010di vsa takrat znana metalna oro\u017eja \u2013 kopje, sulica, pu\u0161\u010dica ali izstrelki iz katapulta. Z vrha Nova\u0161ke gore ali Av\u0161nika so se vojaki lahko ozrli dale\u010d naokoli, tudi do posadk na sosednjih zaporah na Pokoji\u0161\u010du in Selu pri Robu.<\/p><p>Za gradnjo zapornega zidu in dveh stolpov v njem so Rimljani uporabili lokalni lomljeni, neobdelani apnenec, za vezivo pa kakovostno apneno malto. Postavili so ga na nekoliko \u0161ir\u0161i temelj ter ga na notranji (zahodni) strani utrdili \u0161e z zidanimi oporniki. Ti so bili dolgi 2,5 m, debeli dober meter in postavljeni v razmiku po 4,50 m. Po njih je bil speljan tudi lesen obhodni mostov\u017e. Les, ki so ga v obilju uporabili \u0161e za dogradnjo in kritino stolpov, za morebitne palisade pred zidom, za \u017eganje apna, za kurjavo in nenazadnje za signalne ognje, so pridobili najprej s pripravo terena za postavitev zapore in nato z vzdr\u017eevanjem dostopov in \u010distin ob njej.<\/p><p>V zaporni zid so na najbolj razglednih mestih vgradili dva v tlorisu kvadratna (4 x 4 m), v vi\u0161ino pa ve\u010dnadstropna stolpa: enega na robu, kjer se zlo\u017eno pobo\u010dje Av\u0161nika prelomi v strmino nad dolino potoka Resnik, drugega pa na pobo\u010dju Nova\u0161ke gore, kjer je bila skozi zaporo speljana cesta. Utrjena, 2,5 m \u0161iroka vrata naj bi bila tudi v dolini potoka, saj je mo\u017eno, da je tudi tam skozi zaporo peljala pot.<\/p><p>Rimsko zaporo na Rakitni so v svojih delih opisovali \u0161tevilni raziskovalci, v njena nedra pa sta zakopala le dva arheologa. Najprej leta 1916, med prvo svetovno vojno prof. dr. Walter Schmid iz de\u017eelnega muzeja Joaneum v Gradcu, nato pa na istem mestu leta 1962 z arheolo\u0161ko \u0161tudentsko ekipo in dvema doma\u010dima fanti\u010dema \u0161e prof. dr. Josip Klemenc s Filozofske fakultete Univerze v Ljubljani.<\/p><p>Takrat je bil odkopani, 17,5 m dolgi odsek zidu ohranjen \u0161e do vi\u0161ine 1,20 m, obrambni stolp pa do 1,80 m. Arheolo\u0161kih predmetov niso na\u0161li, so pa zid po preu\u010ditvi na\u010dina njegove gradnje in dimenzij narisali in opisali. \u017dal se ta dokumentacija ni ohranila. Prof. Klemenc je na\u010drtoval obnovo obeh odkopanih odsekov zidu, zato ju takrat niso za\u0161\u010ditno zasuli. Do obnove pa ni pri\u0161lo in tako odkopani zid pospe\u0161eno na\u010denja zob \u010dasa.<\/p><\/div><\/div>\t\t\t\t\t\t<\/div>\n\t\t\t\t<\/div>\n\t\t\t\t<div class=\"elementor-element elementor-element-a7d0a76 elementor-widget elementor-widget-text-editor\" data-id=\"a7d0a76\" data-element_type=\"widget\" data-widget_type=\"text-editor.default\">\n\t\t\t\t<div class=\"elementor-widget-container\">\n\t\t\t\t\t\t\tPOSKUSI \u017dONGLIRATI Z DVEMA ALI VE\u010c STOR\u017dI.\n\n18. DEL BESEDNE SESTAVLJANKE:\n<h1>SPET<\/h1>\n\n\t\t\t\t\t\t<\/div>\n\t\t\t\t<\/div>\n\t\t\t\t<div class=\"elementor-element elementor-element-6e5acb06 elementor-widget elementor-widget-text-editor\" data-id=\"6e5acb06\" data-element_type=\"widget\" data-widget_type=\"text-editor.default\">\n\t\t\t\t<div class=\"elementor-widget-container\">\n\t\t\t\t\t\t\t<div class=\"moduleItemIntrotext\"><div class=\"moduleItemIntrotext\"><p>Avtorica besedila: dr. Tadeja Tro\u0161t Sedej | Ilustracije: A. Sedej | Ilustracije: A. Sedmak<\/p><\/div><\/div>\t\t\t\t\t\t<\/div>\n\t\t\t\t<\/div>\n\t\t\t\t\t<\/div>\n\t\t<\/div>\n\t\t\t\t<div class=\"has_eae_slider elementor-column elementor-col-50 elementor-top-column elementor-element elementor-element-feb5278\" data-id=\"feb5278\" data-element_type=\"column\">\n\t\t\t<div class=\"elementor-widget-wrap elementor-element-populated\">\n\t\t\t\t\t\t\t\t<section class=\"has_eae_slider elementor-section elementor-inner-section elementor-element elementor-element-499e0c18 elementor-section-boxed elementor-section-height-default elementor-section-height-default\" data-id=\"499e0c18\" data-element_type=\"section\">\n\t\t\t\t\t\t<div class=\"elementor-container elementor-column-gap-default\">\n\t\t\t\t\t<div class=\"has_eae_slider elementor-column elementor-col-50 elementor-inner-column elementor-element elementor-element-514e0150\" data-id=\"514e0150\" data-element_type=\"column\">\n\t\t\t<div class=\"elementor-widget-wrap elementor-element-populated\">\n\t\t\t\t\t\t\t\t<div class=\"elementor-element elementor-element-625be127 elementor-widget elementor-widget-image\" data-id=\"625be127\" data-element_type=\"widget\" data-widget_type=\"image.default\">\n\t\t\t\t<div class=\"elementor-widget-container\">\n\t\t\t\t\t\t\t\t\t\t\t\t<figure class=\"wp-caption\">\n\t\t\t\t\t\t\t\t\t\t\t<a href=\"https:\/\/rakitna.si\/ucna-pot\/wp-content\/uploads\/2021\/11\/18_slika1.jpg\" data-elementor-open-lightbox=\"yes\" data-elementor-lightbox-title=\"18_slika1\">\n\t\t\t\t\t\t\t<img loading=\"lazy\" decoding=\"async\" width=\"542\" height=\"520\" src=\"https:\/\/rakitna.si\/ucna-pot\/wp-content\/uploads\/2021\/11\/18_slika1.jpg\" class=\"attachment-medium_large size-medium_large\" alt=\"\" srcset=\"https:\/\/rakitna.si\/ucna-pot\/wp-content\/uploads\/2021\/11\/18_slika1.jpg 542w, https:\/\/rakitna.si\/ucna-pot\/wp-content\/uploads\/2021\/11\/18_slika1-300x288.jpg 300w\" sizes=\"auto, (max-width: 542px) 100vw, 542px\" \/>\t\t\t\t\t\t\t\t<\/a>\n\t\t\t\t\t\t\t\t\t\t\t<figcaption class=\"widget-image-caption wp-caption-text\">Ilustracija zapornega zidu (Klavdij Zalar)<\/figcaption>\n\t\t\t\t\t\t\t\t\t\t<\/figure>\n\t\t\t\t\t\t\t\t\t<\/div>\n\t\t\t\t<\/div>\n\t\t\t\t<div class=\"elementor-element elementor-element-21e9fee4 elementor-widget elementor-widget-image\" data-id=\"21e9fee4\" data-element_type=\"widget\" data-widget_type=\"image.default\">\n\t\t\t\t<div class=\"elementor-widget-container\">\n\t\t\t\t\t\t\t\t\t\t\t\t<figure class=\"wp-caption\">\n\t\t\t\t\t\t\t\t\t\t\t<a href=\"https:\/\/rakitna.si\/ucna-pot\/wp-content\/uploads\/2021\/11\/18_slika3.jpg\" data-elementor-open-lightbox=\"yes\" data-elementor-lightbox-title=\"18_slika3\">\n\t\t\t\t\t\t\t<img loading=\"lazy\" decoding=\"async\" width=\"541\" height=\"532\" src=\"https:\/\/rakitna.si\/ucna-pot\/wp-content\/uploads\/2021\/11\/18_slika3.jpg\" class=\"attachment-medium_large size-medium_large\" alt=\"\" srcset=\"https:\/\/rakitna.si\/ucna-pot\/wp-content\/uploads\/2021\/11\/18_slika3.jpg 541w, https:\/\/rakitna.si\/ucna-pot\/wp-content\/uploads\/2021\/11\/18_slika3-300x295.jpg 300w\" sizes=\"auto, (max-width: 541px) 100vw, 541px\" \/>\t\t\t\t\t\t\t\t<\/a>\n\t\t\t\t\t\t\t\t\t\t\t<figcaption class=\"widget-image-caption wp-caption-text\">Cvinger je neko\u010d obdajala seno\u017eet. Nazadnje so jo pokosili 1962.<\/figcaption>\n\t\t\t\t\t\t\t\t\t\t<\/figure>\n\t\t\t\t\t\t\t\t\t<\/div>\n\t\t\t\t<\/div>\n\t\t\t\t<div class=\"elementor-element elementor-element-34ac9f26 elementor-widget elementor-widget-image\" data-id=\"34ac9f26\" data-element_type=\"widget\" data-widget_type=\"image.default\">\n\t\t\t\t<div class=\"elementor-widget-container\">\n\t\t\t\t\t\t\t\t\t\t\t\t<figure class=\"wp-caption\">\n\t\t\t\t\t\t\t\t\t\t\t<a href=\"https:\/\/rakitna.si\/ucna-pot\/wp-content\/uploads\/2021\/11\/18_slika5.jpg\" data-elementor-open-lightbox=\"yes\" data-elementor-lightbox-title=\"18_slika5\">\n\t\t\t\t\t\t\t<img loading=\"lazy\" decoding=\"async\" width=\"543\" height=\"541\" src=\"https:\/\/rakitna.si\/ucna-pot\/wp-content\/uploads\/2021\/11\/18_slika5.jpg\" class=\"attachment-medium_large size-medium_large\" alt=\"\" srcset=\"https:\/\/rakitna.si\/ucna-pot\/wp-content\/uploads\/2021\/11\/18_slika5.jpg 543w, https:\/\/rakitna.si\/ucna-pot\/wp-content\/uploads\/2021\/11\/18_slika5-300x300.jpg 300w, https:\/\/rakitna.si\/ucna-pot\/wp-content\/uploads\/2021\/11\/18_slika5-150x150.jpg 150w\" sizes=\"auto, (max-width: 543px) 100vw, 543px\" \/>\t\t\t\t\t\t\t\t<\/a>\n\t\t\t\t\t\t\t\t\t\t\t<figcaption class=\"widget-image-caption wp-caption-text\">Odkriti del zapore - zunanja stran.<\/figcaption>\n\t\t\t\t\t\t\t\t\t\t<\/figure>\n\t\t\t\t\t\t\t\t\t<\/div>\n\t\t\t\t<\/div>\n\t\t\t\t\t<\/div>\n\t\t<\/div>\n\t\t\t\t<div class=\"has_eae_slider elementor-column elementor-col-50 elementor-inner-column elementor-element elementor-element-2a9df521\" data-id=\"2a9df521\" data-element_type=\"column\">\n\t\t\t<div class=\"elementor-widget-wrap elementor-element-populated\">\n\t\t\t\t\t\t\t\t<div class=\"elementor-element elementor-element-d1ccca0 elementor-widget elementor-widget-image\" data-id=\"d1ccca0\" data-element_type=\"widget\" data-widget_type=\"image.default\">\n\t\t\t\t<div class=\"elementor-widget-container\">\n\t\t\t\t\t\t\t\t\t\t\t\t<figure class=\"wp-caption\">\n\t\t\t\t\t\t\t\t\t\t\t<a href=\"https:\/\/rakitna.si\/ucna-pot\/wp-content\/uploads\/2021\/11\/18_slika2.jpg\" data-elementor-open-lightbox=\"yes\" data-elementor-lightbox-title=\"18_slika2\">\n\t\t\t\t\t\t\t<img loading=\"lazy\" decoding=\"async\" width=\"540\" height=\"523\" src=\"https:\/\/rakitna.si\/ucna-pot\/wp-content\/uploads\/2021\/11\/18_slika2.jpg\" class=\"attachment-medium_large size-medium_large\" alt=\"\" srcset=\"https:\/\/rakitna.si\/ucna-pot\/wp-content\/uploads\/2021\/11\/18_slika2.jpg 540w, https:\/\/rakitna.si\/ucna-pot\/wp-content\/uploads\/2021\/11\/18_slika2-300x291.jpg 300w\" sizes=\"auto, (max-width: 540px) 100vw, 540px\" \/>\t\t\t\t\t\t\t\t<\/a>\n\t\t\t\t\t\t\t\t\t\t\t<figcaption class=\"widget-image-caption wp-caption-text\">Ilustracija obrambnega stolpa (Matej Zupan\u010di\u010d)<\/figcaption>\n\t\t\t\t\t\t\t\t\t\t<\/figure>\n\t\t\t\t\t\t\t\t\t<\/div>\n\t\t\t\t<\/div>\n\t\t\t\t<div class=\"elementor-element elementor-element-643a5fc2 elementor-widget elementor-widget-image\" data-id=\"643a5fc2\" data-element_type=\"widget\" data-widget_type=\"image.default\">\n\t\t\t\t<div class=\"elementor-widget-container\">\n\t\t\t\t\t\t\t\t\t\t\t\t<figure class=\"wp-caption\">\n\t\t\t\t\t\t\t\t\t\t\t<a href=\"https:\/\/rakitna.si\/ucna-pot\/wp-content\/uploads\/2021\/11\/18_slika4.jpg\" data-elementor-open-lightbox=\"yes\" data-elementor-lightbox-title=\"18_slika4\">\n\t\t\t\t\t\t\t<img loading=\"lazy\" decoding=\"async\" width=\"537\" height=\"532\" src=\"https:\/\/rakitna.si\/ucna-pot\/wp-content\/uploads\/2021\/11\/18_slika4.jpg\" class=\"attachment-medium_large size-medium_large\" alt=\"\" srcset=\"https:\/\/rakitna.si\/ucna-pot\/wp-content\/uploads\/2021\/11\/18_slika4.jpg 537w, https:\/\/rakitna.si\/ucna-pot\/wp-content\/uploads\/2021\/11\/18_slika4-300x297.jpg 300w, https:\/\/rakitna.si\/ucna-pot\/wp-content\/uploads\/2021\/11\/18_slika4-150x150.jpg 150w\" sizes=\"auto, (max-width: 537px) 100vw, 537px\" \/>\t\t\t\t\t\t\t\t<\/a>\n\t\t\t\t\t\t\t\t\t\t\t<figcaption class=\"widget-image-caption wp-caption-text\">Izkopavanje zidu s prof. dr. Klemencem<\/figcaption>\n\t\t\t\t\t\t\t\t\t\t<\/figure>\n\t\t\t\t\t\t\t\t\t<\/div>\n\t\t\t\t<\/div>\n\t\t\t\t\t<\/div>\n\t\t<\/div>\n\t\t\t\t\t\t\t<\/div>\n\t\t<\/section>\n\t\t\t\t<div class=\"elementor-element elementor-element-7cba9be elementor-widget elementor-widget-text-editor\" data-id=\"7cba9be\" data-element_type=\"widget\" data-widget_type=\"text-editor.default\">\n\t\t\t\t<div class=\"elementor-widget-container\">\n\t\t\t\t\t\t\t<div class=\"moduleItemIntrotext\">Zaporni zid \u00bbCvinger\u00ab je registrirana enota arheolo\u0161ke dedi\u0161\u010dine (E\u0160D 604). Ve\u010d o tem v Registru nepremi\u010dne kulturne dedi\u0161\u010dine: <a href=\"https:\/\/web.archive.org\/web\/20180521145921\/http:\/\/giskds.situla.org\/giskd\/\">\u00a0<br \/><\/a><a href=\"https:\/\/web.archive.org\/web\/20180521145921\/http:\/\/giskds.situla.org\/giskd\/\">http:\/\/giskds.situla.org\/giskd\/.<\/a><\/div>\t\t\t\t\t\t<\/div>\n\t\t\t\t<\/div>\n\t\t\t\t\t<\/div>\n\t\t<\/div>\n\t\t\t\t\t\t\t<\/div>\n\t\t<\/section>\n\t\t\t\t\t\t<\/div>\n\t\t\t\t\t<\/div>\n\t\t","protected":false},"excerpt":{"rendered":"<p>Zaporni zid \u00bbCvinger\u00ab Tu so Rimljani branili Italijo Del utrjenega zapornega sistema v vojni krajini Claustra Alpium Iuliarum so Rimljani zgradili tudi na obmo\u010dju dana\u0161nje Rakitne. Z njim so zavarovali strate\u0161ko ob\u010dutljiv prehod \u010dez sedlo Vrh prezida med hribom Av\u0161nik (930 m) in Nova\u0161ko goro (998 m), koder je verjetno tekla stranska cesta iz ljubljanske [&hellip;]<\/p>\n","protected":false},"author":1,"featured_media":0,"parent":0,"menu_order":18,"comment_status":"closed","ping_status":"closed","template":"","meta":{"footnotes":""},"class_list":["post-94","page","type-page","status-publish","hentry"],"_links":{"self":[{"href":"https:\/\/rakitna.si\/ucna-pot\/wp-json\/wp\/v2\/pages\/94","targetHints":{"allow":["GET"]}}],"collection":[{"href":"https:\/\/rakitna.si\/ucna-pot\/wp-json\/wp\/v2\/pages"}],"about":[{"href":"https:\/\/rakitna.si\/ucna-pot\/wp-json\/wp\/v2\/types\/page"}],"author":[{"embeddable":true,"href":"https:\/\/rakitna.si\/ucna-pot\/wp-json\/wp\/v2\/users\/1"}],"replies":[{"embeddable":true,"href":"https:\/\/rakitna.si\/ucna-pot\/wp-json\/wp\/v2\/comments?post=94"}],"version-history":[{"count":30,"href":"https:\/\/rakitna.si\/ucna-pot\/wp-json\/wp\/v2\/pages\/94\/revisions"}],"predecessor-version":[{"id":860,"href":"https:\/\/rakitna.si\/ucna-pot\/wp-json\/wp\/v2\/pages\/94\/revisions\/860"}],"wp:attachment":[{"href":"https:\/\/rakitna.si\/ucna-pot\/wp-json\/wp\/v2\/media?parent=94"}],"curies":[{"name":"wp","href":"https:\/\/api.w.org\/{rel}","templated":true}]}}