{"id":77,"date":"2021-09-17T20:58:11","date_gmt":"2021-09-17T20:58:11","guid":{"rendered":"https:\/\/rakitna.si\/ucna-pot\/zgodovina-rakitne\/"},"modified":"2021-09-17T21:19:47","modified_gmt":"2021-09-17T21:19:47","slug":"zgodovina-rakitne","status":"publish","type":"page","link":"https:\/\/rakitna.si\/ucna-pot\/zgodovina-rakitne\/","title":{"rendered":"Zgodovina Rakitne"},"content":{"rendered":"\t\t<div data-elementor-type=\"wp-page\" data-elementor-id=\"77\" class=\"elementor elementor-77\" data-elementor-settings=\"[]\">\n\t\t\t\t\t\t\t<div class=\"elementor-section-wrap\">\n\t\t\t\t\t\t\t<section class=\"has_eae_slider elementor-section elementor-top-section elementor-element elementor-element-2a2b516 elementor-section-boxed elementor-section-height-default elementor-section-height-default\" data-id=\"2a2b516\" data-element_type=\"section\">\n\t\t\t\t\t\t<div class=\"elementor-container elementor-column-gap-default\">\n\t\t\t\t\t<div class=\"has_eae_slider elementor-column elementor-col-100 elementor-top-column elementor-element elementor-element-852b672\" data-id=\"852b672\" data-element_type=\"column\">\n\t\t\t<div class=\"elementor-widget-wrap elementor-element-populated\">\n\t\t\t\t\t\t\t\t<div class=\"elementor-element elementor-element-3d582b6 elementor-widget elementor-widget-heading\" data-id=\"3d582b6\" data-element_type=\"widget\" data-widget_type=\"heading.default\">\n\t\t\t\t<div class=\"elementor-widget-container\">\n\t\t\t<h2 class=\"elementor-heading-title elementor-size-default\">Zgodovina Rakitne<\/h2>\t\t<\/div>\n\t\t\t\t<\/div>\n\t\t\t\t<div class=\"elementor-element elementor-element-709ad47 elementor-widget elementor-widget-heading\" data-id=\"709ad47\" data-element_type=\"widget\" data-widget_type=\"heading.default\">\n\t\t\t\t<div class=\"elementor-widget-container\">\n\t\t\t<h4 class=\"elementor-heading-title elementor-size-default\">Od zaprtosti, prek pretresov do novega razvoja<\/h4>\t\t<\/div>\n\t\t\t\t<\/div>\n\t\t\t\t\t<\/div>\n\t\t<\/div>\n\t\t\t\t\t\t\t<\/div>\n\t\t<\/section>\n\t\t\t\t<section class=\"has_eae_slider elementor-section elementor-top-section elementor-element elementor-element-1d0f58be elementor-section-stretched elementor-section-boxed elementor-section-height-default elementor-section-height-default\" data-id=\"1d0f58be\" data-element_type=\"section\" data-settings=\"{&quot;stretch_section&quot;:&quot;section-stretched&quot;}\">\n\t\t\t\t\t\t<div class=\"elementor-container elementor-column-gap-default\">\n\t\t\t\t\t<div class=\"has_eae_slider elementor-column elementor-col-33 elementor-top-column elementor-element elementor-element-5377b459\" data-id=\"5377b459\" data-element_type=\"column\">\n\t\t\t<div class=\"elementor-widget-wrap elementor-element-populated\">\n\t\t\t\t\t\t\t\t<div class=\"elementor-element elementor-element-65b51210 elementor-widget elementor-widget-text-editor\" data-id=\"65b51210\" data-element_type=\"widget\" data-widget_type=\"text-editor.default\">\n\t\t\t\t<div class=\"elementor-widget-container\">\n\t\t\t\t\t\t\t<div class=\"itemFullText\"><p>Prva navzo\u010dnost \u010dloveka na obmo\u010dju Rakitne je izpri\u010dana v obdobju koli\u0161\u010darske kulture. Koli\u0161\u010darji so uporabljali jamo Ihrovica, ki se nahaja na pobo\u010dju pod Krim\u010dkom in nad naseljem Brezovica pri Borovnici, kot lovsko in bivalno postojanko. V jami so bili najdeni ostanki glinenih posod in ute\u017ei iz obdobja okoli leta 2400 pr. n. \u0161t.<\/p><p>V poznem rimskem obdobju, med 3. in 5. stoletjem so Rimljani imeli voja\u0161ko posadko na zapornem zidu med Nova\u0161ko goro in Av\u0161nikom, da je branila eno od stranskih poti na prehodu iz Panonske kotline in Balkana v Italijo. Ponekod je \u0161e vedno mogo\u010de videti njeno traso. Posadke, ki so \u0161tele do 20 mo\u017e, so tu verjetno bivale le za\u010dasno. Prihajale so iz bli\u017enjih mest, Emone (Ljubljane) in Nauporta (Vrhnike). Kme\u010dka poselitev Raki\u0161ke planote v tem \u010dasu ni znana.<\/p><p>Rakitna je dobila stalne naseljence verjetno v 12., najkasneje pa v 13. stoletju, v obdobju vi\u0161inske kolonizacije. Takrat so fevdalni gospodje naseljevali svoje podlo\u017enike na nova, hribovska obmo\u010dja, da so tako pove\u010dali vrednost svoje zemlje in pridobili ve\u010d dajatev. Raki\u0161ka planota je pripadala Kartuziji Bistra, ki je bila ustanovljena leta 1255, Rakitno pa pisni vir prvi\u010d omenja deset let kasneje. Sprva je bila tu verjetno gozdarska postojanka, zatem so ljudje postopno \u0161irili obdelavo zemlji\u0161\u010d in izkr\u010dili gozdove.<\/p><p>Po izro\u010dilu naj bi se v Rakitni v \u010dasu voja\u0161ke \u0161iritve Osmanskega imperija med 15. in 17. stoletjem naselilo nekaj uskokov, ju\u017enoslovanskih beguncev pred Turki. O tem bi lahko pri\u010dali tudi ime zaselka Novaki in nekateri priimki, na primer Likovi\u010d.<\/p><p>Dolga stoletja so Raki\u010dani \u017eiveli od prete\u017eno samooskrbnega kmetovanja, gozdarstva in na kmetijstvo vezanih obrti. Denarno gospodarstvo se je za\u010delo hitreje \u0161iriti v te kraje po razglasitvi Trsta in Reke za svobodni luki (1719). Iz raki\u0161kih gozdov so pridobivali les za gradbeni\u0161tvo in ladjedelni\u0161tvo. Pot, po kateri so tovorili jamborni les proti Trstu, se imenuje jamborna cesta. Drugo prometnico sta predstavljali reki Zala in I\u0161ka. Gozdarji so zvlekli hlode v grapo in po\u010dakali na de\u017eevje. Ko so se hlodi ujeli v grabljice v I\u0161ki vasi, so jih bodisi nalo\u017eili na vozove, bodisi zvezali v splave in jih po Ljubljanici spustili do Ljubljane, v\u010dasih pa celo po Savi do Zemuna pri Beogradu, kjer je bila avstrijska meja.<\/p><p>Druga polovica 19. stoletja je prinesla kapitalizem in velike spremembe tradicionalne va\u0161ke skupnosti. Leta 1848 je bila razgla\u0161ena zemlji\u0161ka odveza, s katero so kmetje dobili osebno svobodo in lastni\u0161tvo svoje zemlje. A lastni\u0161tvo je bilo krhko. Odlo\u010dilno besedo na vasi so kmalu dobili lesni trgovci in ve\u010dji posestniki, \u0161tevilni ostali pa so zabredli v dolgove, tudi zaradi visokih davkov. Dolgove so pogosto vra\u010dali z zemlji\u0161\u010di, ko so obubo\u017eali, pa z dnino. Dograditev ju\u017ene \u017eeleznice Dunaj \u2013 Trst (1857) je prinesla industrializacijo mest in prevlado industrijskih potro\u0161nih izdelkov. To je spodkopalo tradicionalne obrtni\u0161ke in prevozni\u0161ke poklice in s tem mo\u017enosti zaslu\u017eka za tiste pode\u017eelane, ki so imeli malo ali ni\u010d zemlje. V nekaj desetletjih se je pode\u017eelsko prebivalstvo mo\u010dno razslojilo in lastni\u0161tvo zemlji\u0161\u010d se je znatno prerazporedilo.<\/p><p>Raki\u010dani so za\u010deli iskati delo v drugih krajih. V bli\u017eini so bile na voljo le ob\u010dasne prilo\u017enosti za zaposlitev ob gradnji javne infrastrukture. Mnogi so hodili kot gozdarji in tesa\u010di tramov na sezonsko delo po Sloveniji in \u0161ir\u0161e, vse do Slavonije. Druga mo\u017enost je bilo izseljevanje v razvijajo\u010da se mesta, zlasti pa v tujino. Konec 19. stoletja in v prvih desetletjih 20. stoletja je v tujino od\u0161lo vsaj 100 Raki\u010danov, od teh kar tri \u010detrtine v ZDA.<\/p><\/div>\t\t\t\t\t\t<\/div>\n\t\t\t\t<\/div>\n\t\t\t\t<div class=\"elementor-element elementor-element-8d40cce elementor-widget elementor-widget-text-editor\" data-id=\"8d40cce\" data-element_type=\"widget\" data-widget_type=\"text-editor.default\">\n\t\t\t\t<div class=\"elementor-widget-container\">\n\t\t\t\t\t\t\t<p>Avtor besedila: dr. Gorazd Kova\u010di\u010d | Foto: Matija Kova\u010di\u010d (4-7)<\/p>\t\t\t\t\t\t<\/div>\n\t\t\t\t<\/div>\n\t\t\t\t\t<\/div>\n\t\t<\/div>\n\t\t\t\t<div class=\"has_eae_slider elementor-column elementor-col-33 elementor-top-column elementor-element elementor-element-66186cae\" data-id=\"66186cae\" data-element_type=\"column\">\n\t\t\t<div class=\"elementor-widget-wrap elementor-element-populated\">\n\t\t\t\t\t\t\t\t<div class=\"elementor-element elementor-element-1a162979 elementor-widget elementor-widget-image\" data-id=\"1a162979\" data-element_type=\"widget\" data-widget_type=\"image.default\">\n\t\t\t\t<div class=\"elementor-widget-container\">\n\t\t\t\t\t\t\t\t\t\t\t\t<figure class=\"wp-caption\">\n\t\t\t\t\t\t\t\t\t\t\t<a href=\"https:\/\/rakitna.si\/ucna-pot\/wp-content\/uploads\/2021\/09\/1_sredisce_rakitne_1_svetovna.jpg\" data-elementor-open-lightbox=\"yes\" data-elementor-lightbox-title=\"Sredi\u0161\u010de Rakitne pred 1. svetovno vojno.\">\n\t\t\t\t\t\t\t<img loading=\"lazy\" decoding=\"async\" width=\"768\" height=\"320\" src=\"https:\/\/rakitna.si\/ucna-pot\/wp-content\/uploads\/2021\/09\/1_sredisce_rakitne_1_svetovna-768x320.jpg\" class=\"attachment-medium_large size-medium_large\" alt=\"\" srcset=\"https:\/\/rakitna.si\/ucna-pot\/wp-content\/uploads\/2021\/09\/1_sredisce_rakitne_1_svetovna-768x320.jpg 768w, https:\/\/rakitna.si\/ucna-pot\/wp-content\/uploads\/2021\/09\/1_sredisce_rakitne_1_svetovna-300x125.jpg 300w, https:\/\/rakitna.si\/ucna-pot\/wp-content\/uploads\/2021\/09\/1_sredisce_rakitne_1_svetovna.jpg 928w\" sizes=\"auto, (max-width: 768px) 100vw, 768px\" \/>\t\t\t\t\t\t\t\t<\/a>\n\t\t\t\t\t\t\t\t\t\t\t<figcaption class=\"widget-image-caption wp-caption-text\">Sredi\u0161\u010de Rakitne pred 1. svetovno vojno.<\/figcaption>\n\t\t\t\t\t\t\t\t\t\t<\/figure>\n\t\t\t\t\t\t\t\t\t<\/div>\n\t\t\t\t<\/div>\n\t\t\t\t<div class=\"elementor-element elementor-element-59c7614 elementor-widget elementor-widget-image\" data-id=\"59c7614\" data-element_type=\"widget\" data-widget_type=\"image.default\">\n\t\t\t\t<div class=\"elementor-widget-container\">\n\t\t\t\t\t\t\t\t\t\t\t\t<figure class=\"wp-caption\">\n\t\t\t\t\t\t\t\t\t\t\t<a href=\"https:\/\/rakitna.si\/ucna-pot\/wp-content\/uploads\/2021\/09\/1_kolovoz_ljubljana.jpg\" data-elementor-open-lightbox=\"yes\" data-elementor-lightbox-title=\"Kolovoz Ljubljana \u2013 Rakitna, 1929 ali 1930.\">\n\t\t\t\t\t\t\t<img loading=\"lazy\" decoding=\"async\" width=\"768\" height=\"628\" src=\"https:\/\/rakitna.si\/ucna-pot\/wp-content\/uploads\/2021\/09\/1_kolovoz_ljubljana-768x628.jpg\" class=\"attachment-medium_large size-medium_large\" alt=\"\" srcset=\"https:\/\/rakitna.si\/ucna-pot\/wp-content\/uploads\/2021\/09\/1_kolovoz_ljubljana-768x628.jpg 768w, https:\/\/rakitna.si\/ucna-pot\/wp-content\/uploads\/2021\/09\/1_kolovoz_ljubljana-300x245.jpg 300w, https:\/\/rakitna.si\/ucna-pot\/wp-content\/uploads\/2021\/09\/1_kolovoz_ljubljana.jpg 866w\" sizes=\"auto, (max-width: 768px) 100vw, 768px\" \/>\t\t\t\t\t\t\t\t<\/a>\n\t\t\t\t\t\t\t\t\t\t\t<figcaption class=\"widget-image-caption wp-caption-text\">Kolovoz Ljubljana \u2013 Rakitna, 1929 ali 1930.<\/figcaption>\n\t\t\t\t\t\t\t\t\t\t<\/figure>\n\t\t\t\t\t\t\t\t\t<\/div>\n\t\t\t\t<\/div>\n\t\t\t\t<div class=\"elementor-element elementor-element-b25a677 elementor-widget elementor-widget-image\" data-id=\"b25a677\" data-element_type=\"widget\" data-widget_type=\"image.default\">\n\t\t\t\t<div class=\"elementor-widget-container\">\n\t\t\t\t\t\t\t\t\t\t\t\t<figure class=\"wp-caption\">\n\t\t\t\t\t\t\t\t\t\t\t<a href=\"https:\/\/rakitna.si\/ucna-pot\/wp-content\/uploads\/2021\/09\/1a_zajezitev_jezera.jpg\" data-elementor-open-lightbox=\"yes\" data-elementor-lightbox-title=\"Poskusna zajezitev jezera, 1962.\">\n\t\t\t\t\t\t\t<img loading=\"lazy\" decoding=\"async\" width=\"768\" height=\"527\" src=\"https:\/\/rakitna.si\/ucna-pot\/wp-content\/uploads\/2021\/09\/1a_zajezitev_jezera-768x527.jpg\" class=\"attachment-medium_large size-medium_large\" alt=\"\" srcset=\"https:\/\/rakitna.si\/ucna-pot\/wp-content\/uploads\/2021\/09\/1a_zajezitev_jezera-768x527.jpg 768w, https:\/\/rakitna.si\/ucna-pot\/wp-content\/uploads\/2021\/09\/1a_zajezitev_jezera-300x206.jpg 300w, https:\/\/rakitna.si\/ucna-pot\/wp-content\/uploads\/2021\/09\/1a_zajezitev_jezera.jpg 872w\" sizes=\"auto, (max-width: 768px) 100vw, 768px\" \/>\t\t\t\t\t\t\t\t<\/a>\n\t\t\t\t\t\t\t\t\t\t\t<figcaption class=\"widget-image-caption wp-caption-text\">Poskusna zajezitev jezera, 1962.<\/figcaption>\n\t\t\t\t\t\t\t\t\t\t<\/figure>\n\t\t\t\t\t\t\t\t\t<\/div>\n\t\t\t\t<\/div>\n\t\t\t\t\t<\/div>\n\t\t<\/div>\n\t\t\t\t<div class=\"has_eae_slider elementor-column elementor-col-33 elementor-top-column elementor-element elementor-element-c595af0\" data-id=\"c595af0\" data-element_type=\"column\">\n\t\t\t<div class=\"elementor-widget-wrap elementor-element-populated\">\n\t\t\t\t\t\t\t\t<div class=\"elementor-element elementor-element-3e02527 elementor-widget elementor-widget-image\" data-id=\"3e02527\" data-element_type=\"widget\" data-widget_type=\"image.default\">\n\t\t\t\t<div class=\"elementor-widget-container\">\n\t\t\t\t\t\t\t\t\t\t\t\t<figure class=\"wp-caption\">\n\t\t\t\t\t\t\t\t\t\t\t<a href=\"https:\/\/rakitna.si\/ucna-pot\/wp-content\/uploads\/2021\/09\/1_novaska_gora.jpg\" data-elementor-open-lightbox=\"yes\" data-elementor-lightbox-title=\"06 cestaZemljevid krajev ljudskega izro\u010dila o jamborni cesti\">\n\t\t\t\t\t\t\t<img loading=\"lazy\" decoding=\"async\" width=\"768\" height=\"694\" src=\"https:\/\/rakitna.si\/ucna-pot\/wp-content\/uploads\/2021\/09\/1_novaska_gora-768x694.jpg\" class=\"attachment-medium_large size-medium_large\" alt=\"\" srcset=\"https:\/\/rakitna.si\/ucna-pot\/wp-content\/uploads\/2021\/09\/1_novaska_gora-768x694.jpg 768w, https:\/\/rakitna.si\/ucna-pot\/wp-content\/uploads\/2021\/09\/1_novaska_gora-300x271.jpg 300w, https:\/\/rakitna.si\/ucna-pot\/wp-content\/uploads\/2021\/09\/1_novaska_gora.jpg 866w\" sizes=\"auto, (max-width: 768px) 100vw, 768px\" \/>\t\t\t\t\t\t\t\t<\/a>\n\t\t\t\t\t\t\t\t\t\t\t<figcaption class=\"widget-image-caption wp-caption-text\">Pogled iz sredi\u0161\u010da Rakitne na golo Nova\u0161ko goro, 1932.<\/figcaption>\n\t\t\t\t\t\t\t\t\t\t<\/figure>\n\t\t\t\t\t\t\t\t\t<\/div>\n\t\t\t\t<\/div>\n\t\t\t\t<div class=\"elementor-element elementor-element-a1755e6 elementor-widget elementor-widget-image\" data-id=\"a1755e6\" data-element_type=\"widget\" data-widget_type=\"image.default\">\n\t\t\t\t<div class=\"elementor-widget-container\">\n\t\t\t\t\t\t\t\t\t\t\t\t<figure class=\"wp-caption\">\n\t\t\t\t\t\t\t\t\t\t\t<a href=\"https:\/\/rakitna.si\/ucna-pot\/wp-content\/uploads\/2021\/09\/1a_vikendi.jpg\" data-elementor-open-lightbox=\"yes\" data-elementor-lightbox-title=\"Pogled iz sredi\u0161\u010da Rakitne na golo Nova\u0161ko goro, 1932.\">\n\t\t\t\t\t\t\t<img loading=\"lazy\" decoding=\"async\" width=\"768\" height=\"504\" src=\"https:\/\/rakitna.si\/ucna-pot\/wp-content\/uploads\/2021\/09\/1a_vikendi-768x504.jpg\" class=\"attachment-medium_large size-medium_large\" alt=\"\" srcset=\"https:\/\/rakitna.si\/ucna-pot\/wp-content\/uploads\/2021\/09\/1a_vikendi-768x504.jpg 768w, https:\/\/rakitna.si\/ucna-pot\/wp-content\/uploads\/2021\/09\/1a_vikendi-300x197.jpg 300w, https:\/\/rakitna.si\/ucna-pot\/wp-content\/uploads\/2021\/09\/1a_vikendi.jpg 868w\" sizes=\"auto, (max-width: 768px) 100vw, 768px\" \/>\t\t\t\t\t\t\t\t<\/a>\n\t\t\t\t\t\t\t\t\t\t\t<figcaption class=\"widget-image-caption wp-caption-text\">Pogled iz sredi\u0161\u010da Rakitne na golo Nova\u0161ko goro, 1932.<\/figcaption>\n\t\t\t\t\t\t\t\t\t\t<\/figure>\n\t\t\t\t\t\t\t\t\t<\/div>\n\t\t\t\t<\/div>\n\t\t\t\t<div class=\"elementor-element elementor-element-fc02d8b elementor-widget elementor-widget-image\" data-id=\"fc02d8b\" data-element_type=\"widget\" data-widget_type=\"image.default\">\n\t\t\t\t<div class=\"elementor-widget-container\">\n\t\t\t\t\t\t\t\t\t\t\t\t<figure class=\"wp-caption\">\n\t\t\t\t\t\t\t\t\t\t\t<a href=\"https:\/\/rakitna.si\/ucna-pot\/wp-content\/uploads\/2021\/09\/1a_rocna_kosnja_01.jpg\" data-elementor-open-lightbox=\"yes\" data-elementor-lightbox-title=\"Ro\u010dna ko\u0161nja v strmini, 1972.\">\n\t\t\t\t\t\t\t<img loading=\"lazy\" decoding=\"async\" width=\"768\" height=\"466\" src=\"https:\/\/rakitna.si\/ucna-pot\/wp-content\/uploads\/2021\/09\/1a_rocna_kosnja_01-768x466.jpg\" class=\"attachment-medium_large size-medium_large\" alt=\"\" srcset=\"https:\/\/rakitna.si\/ucna-pot\/wp-content\/uploads\/2021\/09\/1a_rocna_kosnja_01-768x466.jpg 768w, https:\/\/rakitna.si\/ucna-pot\/wp-content\/uploads\/2021\/09\/1a_rocna_kosnja_01-300x182.jpg 300w, https:\/\/rakitna.si\/ucna-pot\/wp-content\/uploads\/2021\/09\/1a_rocna_kosnja_01.jpg 960w\" sizes=\"auto, (max-width: 768px) 100vw, 768px\" \/>\t\t\t\t\t\t\t\t<\/a>\n\t\t\t\t\t\t\t\t\t\t\t<figcaption class=\"widget-image-caption wp-caption-text\">Ro\u010dna ko\u0161nja v strmini, 1972.<\/figcaption>\n\t\t\t\t\t\t\t\t\t\t<\/figure>\n\t\t\t\t\t\t\t\t\t<\/div>\n\t\t\t\t<\/div>\n\t\t\t\t\t<\/div>\n\t\t<\/div>\n\t\t\t\t\t\t\t<\/div>\n\t\t<\/section>\n\t\t\t\t\t\t<\/div>\n\t\t\t\t\t<\/div>\n\t\t","protected":false},"excerpt":{"rendered":"<p>Zgodovina Rakitne Od zaprtosti, prek pretresov do novega razvoja Prva navzo\u010dnost \u010dloveka na obmo\u010dju Rakitne je izpri\u010dana v obdobju koli\u0161\u010darske kulture. Koli\u0161\u010darji so uporabljali jamo Ihrovica, ki se nahaja na pobo\u010dju pod Krim\u010dkom in nad naseljem Brezovica pri Borovnici, kot lovsko in bivalno postojanko. V jami so bili najdeni ostanki glinenih posod in ute\u017ei iz [&hellip;]<\/p>\n","protected":false},"author":1,"featured_media":0,"parent":0,"menu_order":1,"comment_status":"closed","ping_status":"closed","template":"","meta":{"footnotes":""},"class_list":["post-77","page","type-page","status-publish","hentry"],"_links":{"self":[{"href":"https:\/\/rakitna.si\/ucna-pot\/wp-json\/wp\/v2\/pages\/77","targetHints":{"allow":["GET"]}}],"collection":[{"href":"https:\/\/rakitna.si\/ucna-pot\/wp-json\/wp\/v2\/pages"}],"about":[{"href":"https:\/\/rakitna.si\/ucna-pot\/wp-json\/wp\/v2\/types\/page"}],"author":[{"embeddable":true,"href":"https:\/\/rakitna.si\/ucna-pot\/wp-json\/wp\/v2\/users\/1"}],"replies":[{"embeddable":true,"href":"https:\/\/rakitna.si\/ucna-pot\/wp-json\/wp\/v2\/comments?post=77"}],"version-history":[{"count":39,"href":"https:\/\/rakitna.si\/ucna-pot\/wp-json\/wp\/v2\/pages\/77\/revisions"}],"predecessor-version":[{"id":162,"href":"https:\/\/rakitna.si\/ucna-pot\/wp-json\/wp\/v2\/pages\/77\/revisions\/162"}],"wp:attachment":[{"href":"https:\/\/rakitna.si\/ucna-pot\/wp-json\/wp\/v2\/media?parent=77"}],"curies":[{"name":"wp","href":"https:\/\/api.w.org\/{rel}","templated":true}]}}